{"id":605,"date":"2019-12-02T12:42:21","date_gmt":"2019-12-02T11:42:21","guid":{"rendered":"https:\/\/www.patriarcatovenezia.it\/ufficioliturgico\/?page_id=605"},"modified":"2024-09-26T11:19:55","modified_gmt":"2024-09-26T09:19:55","slug":"scuola-musica-sacra","status":"publish","type":"page","link":"https:\/\/oldpatriarcatovenezia.glauco.it\/ufficioliturgico\/scuola-musica-sacra\/","title":{"rendered":"SDMSL &#8211; Scuola Diocesana di Musica Sacra per la Liturgia"},"content":{"rendered":"<div id=\"pl-605\"  class=\"panel-layout\" ><div id=\"pg-605-0\"  class=\"panel-grid panel-has-style\" ><div class=\"panel-row-style panel-row-style-for-605-0\" ><div id=\"pgc-605-0-0\"  class=\"panel-grid-cell panel-grid-cell-empty\" ><\/div><div id=\"pgc-605-0-1\"  class=\"panel-grid-cell\" ><div id=\"panel-605-0-1-0\" class=\"so-panel widget widget_media_image panel-first-child\" data-index=\"0\" ><a href=\"https:\/\/www.patriarcatovenezia.it\/ufficioliturgico\/scuola-musica-sacra\/presentazione\/\"><img width=\"400\" height=\"100\" src=\"https:\/\/oldpatriarcatovenezia.glauco.it\/ufficioliturgico\/wp-content\/uploads\/sites\/3\/2024\/09\/presentazione.jpg\" class=\"image wp-image-1588  attachment-full size-full\" alt=\"\" loading=\"lazy\" style=\"max-width: 100%; height: auto;\" srcset=\"https:\/\/oldpatriarcatovenezia.glauco.it\/ufficioliturgico\/wp-content\/uploads\/sites\/3\/2024\/09\/presentazione.jpg 400w, https:\/\/oldpatriarcatovenezia.glauco.it\/ufficioliturgico\/wp-content\/uploads\/sites\/3\/2024\/09\/presentazione-300x75.jpg 300w, https:\/\/oldpatriarcatovenezia.glauco.it\/ufficioliturgico\/wp-content\/uploads\/sites\/3\/2024\/09\/presentazione-360x90.jpg 360w\" sizes=\"(max-width: 400px) 100vw, 400px\" \/><\/a><\/div><div id=\"panel-605-0-1-1\" class=\"so-panel widget widget_media_image\" data-index=\"1\" ><a href=\"https:\/\/www.patriarcatovenezia.it\/ufficioliturgico\/proposta-formativa\/\"><img width=\"400\" height=\"100\" src=\"https:\/\/oldpatriarcatovenezia.glauco.it\/ufficioliturgico\/wp-content\/uploads\/sites\/3\/2024\/09\/proposta.jpg\" class=\"image wp-image-1591  attachment-full size-full\" alt=\"\" loading=\"lazy\" style=\"max-width: 100%; height: auto;\" srcset=\"https:\/\/oldpatriarcatovenezia.glauco.it\/ufficioliturgico\/wp-content\/uploads\/sites\/3\/2024\/09\/proposta.jpg 400w, https:\/\/oldpatriarcatovenezia.glauco.it\/ufficioliturgico\/wp-content\/uploads\/sites\/3\/2024\/09\/proposta-300x75.jpg 300w, https:\/\/oldpatriarcatovenezia.glauco.it\/ufficioliturgico\/wp-content\/uploads\/sites\/3\/2024\/09\/proposta-360x90.jpg 360w\" sizes=\"(max-width: 400px) 100vw, 400px\" \/><\/a><\/div><div id=\"panel-605-0-1-2\" class=\"so-panel widget widget_media_image\" data-index=\"2\" ><a href=\"https:\/\/www.patriarcatovenezia.it\/ufficioliturgico\/informazioni-e-iscrizionI\/\"><img width=\"400\" height=\"100\" src=\"https:\/\/oldpatriarcatovenezia.glauco.it\/ufficioliturgico\/wp-content\/uploads\/sites\/3\/2024\/09\/informazioni.jpg\" class=\"image wp-image-1589  attachment-full size-full\" alt=\"\" loading=\"lazy\" style=\"max-width: 100%; height: auto;\" srcset=\"https:\/\/oldpatriarcatovenezia.glauco.it\/ufficioliturgico\/wp-content\/uploads\/sites\/3\/2024\/09\/informazioni.jpg 400w, https:\/\/oldpatriarcatovenezia.glauco.it\/ufficioliturgico\/wp-content\/uploads\/sites\/3\/2024\/09\/informazioni-300x75.jpg 300w, https:\/\/oldpatriarcatovenezia.glauco.it\/ufficioliturgico\/wp-content\/uploads\/sites\/3\/2024\/09\/informazioni-360x90.jpg 360w\" sizes=\"(max-width: 400px) 100vw, 400px\" \/><\/a><\/div><div id=\"panel-605-0-1-3\" class=\"so-panel widget widget_media_image panel-last-child\" data-index=\"3\" ><a href=\"https:\/\/www.patriarcatovenezia.it\/ufficioliturgico\/scuola-musica-sacra\/docenti\/\"><img width=\"400\" height=\"100\" src=\"https:\/\/oldpatriarcatovenezia.glauco.it\/ufficioliturgico\/wp-content\/uploads\/sites\/3\/2024\/09\/docenti.jpg\" class=\"image wp-image-1590  attachment-full size-full\" alt=\"\" loading=\"lazy\" style=\"max-width: 100%; height: auto;\" srcset=\"https:\/\/oldpatriarcatovenezia.glauco.it\/ufficioliturgico\/wp-content\/uploads\/sites\/3\/2024\/09\/docenti.jpg 400w, https:\/\/oldpatriarcatovenezia.glauco.it\/ufficioliturgico\/wp-content\/uploads\/sites\/3\/2024\/09\/docenti-300x75.jpg 300w, https:\/\/oldpatriarcatovenezia.glauco.it\/ufficioliturgico\/wp-content\/uploads\/sites\/3\/2024\/09\/docenti-360x90.jpg 360w\" sizes=\"(max-width: 400px) 100vw, 400px\" \/><\/a><\/div><\/div><div id=\"pgc-605-0-2\"  class=\"panel-grid-cell\" ><div id=\"panel-605-0-2-0\" class=\"so-panel widget widget_text panel-first-child\" data-index=\"4\" >\t\t\t<div class=\"textwidget\"><h5>Perch\u00e9 una Scuola di Musica per la Liturgia?<\/h5>\n<h5>Perch\u00e9 la liturgia, che \u00e8 <em>culmine e fonte della vita cristiana<\/em> (SC 10), \u00e8 un dono fatto a noi, che deve essere sempre di pi\u00f9 compreso, vissuto e rispettato in ogni sua parte.<\/h5>\n<h5>La <strong>\u201cScuola Diocesana di Musica Sacra per la Liturgia\u201d (SDMSL)<\/strong> \u00e8 nata nel 2019 come <strong>strumento<\/strong> messo in atto dal Patriarcato di Venezia <strong>per formare e sostenere<\/strong> tutte le persone che svolgono un servizio nell\u2019ambito liturgico-musicale.<\/h5>\n<h5><a href=\"https:\/\/www.patriarcatovenezia.it\/ufficioliturgico\/scuola-musica-sacra\/presentazione\/\"><em>Vai alla presentazione<\/em><\/a><\/h5>\n<\/div>\n\t\t<\/div><div id=\"panel-605-0-2-1\" class=\"so-panel widget widget_media_image panel-last-child\" data-index=\"5\" ><div style=\"width: 160px\" class=\"wp-caption alignnone\"><img width=\"150\" height=\"150\" src=\"https:\/\/oldpatriarcatovenezia.glauco.it\/ufficioliturgico\/wp-content\/uploads\/sites\/3\/2023\/11\/8x1000-1-150x150.png\" class=\"image wp-image-1188  attachment-thumbnail size-thumbnail\" alt=\"\" loading=\"lazy\" style=\"max-width: 100%; height: auto;\" srcset=\"https:\/\/oldpatriarcatovenezia.glauco.it\/ufficioliturgico\/wp-content\/uploads\/sites\/3\/2023\/11\/8x1000-1-150x150.png 150w, https:\/\/oldpatriarcatovenezia.glauco.it\/ufficioliturgico\/wp-content\/uploads\/sites\/3\/2023\/11\/8x1000-1-300x300.png 300w, https:\/\/oldpatriarcatovenezia.glauco.it\/ufficioliturgico\/wp-content\/uploads\/sites\/3\/2023\/11\/8x1000-1-200x200.png 200w, https:\/\/oldpatriarcatovenezia.glauco.it\/ufficioliturgico\/wp-content\/uploads\/sites\/3\/2023\/11\/8x1000-1-280x280.png 280w, https:\/\/oldpatriarcatovenezia.glauco.it\/ufficioliturgico\/wp-content\/uploads\/sites\/3\/2023\/11\/8x1000-1.png 520w\" sizes=\"(max-width: 150px) 100vw, 150px\" \/><p class=\"wp-caption-text\">Con il contributo dell'8x1000 CEI<\/p><\/div><\/div><\/div><\/div><\/div><div id=\"pg-605-1\"  class=\"panel-grid panel-has-style\" ><div class=\"panel-row-style panel-row-style-for-605-1\" ><div id=\"pgc-605-1-0\"  class=\"panel-grid-cell panel-grid-cell-empty panel-grid-cell-mobile-last\" ><\/div><div id=\"pgc-605-1-1\"  class=\"panel-grid-cell panel-grid-cell-empty\" ><\/div><\/div><\/div><\/div>","protected":false},"excerpt":{"rendered":"<p>Perch\u00e9 una Scuola di Musica per la Liturgia? Perch\u00e9 la liturgia, che \u00e8 culmine e fonte della vita cristiana (SC 10), \u00e8 un dono fatto a noi, che deve essere sempre di pi\u00f9 compreso, vissuto e rispettato in ogni sua parte. La \u201cScuola Diocesana di Musica Sacra per la Liturgia\u201d (SDMSL) \u00e8 nata nel 2019&#8230;  <a class=\"excerpt-read-more\" href=\"https:\/\/oldpatriarcatovenezia.glauco.it\/ufficioliturgico\/scuola-musica-sacra\/\" title=\"Leggi SDMSL &#8211; Scuola Diocesana di Musica Sacra per la Liturgia\">&raquo; continua<\/a><\/p>\n","protected":false},"author":10,"featured_media":920,"parent":0,"menu_order":0,"comment_status":"closed","ping_status":"closed","template":"page-full-width.php","meta":{"ip_address":"","user_agent":"","level":"","revision":"","cookie_id":"","page_referer":"","html_form":""},"acf":[],"_links":{"self":[{"href":"https:\/\/oldpatriarcatovenezia.glauco.it\/ufficioliturgico\/wp-json\/wp\/v2\/pages\/605"}],"collection":[{"href":"https:\/\/oldpatriarcatovenezia.glauco.it\/ufficioliturgico\/wp-json\/wp\/v2\/pages"}],"about":[{"href":"https:\/\/oldpatriarcatovenezia.glauco.it\/ufficioliturgico\/wp-json\/wp\/v2\/types\/page"}],"author":[{"embeddable":true,"href":"https:\/\/oldpatriarcatovenezia.glauco.it\/ufficioliturgico\/wp-json\/wp\/v2\/users\/10"}],"replies":[{"embeddable":true,"href":"https:\/\/oldpatriarcatovenezia.glauco.it\/ufficioliturgico\/wp-json\/wp\/v2\/comments?post=605"}],"version-history":[{"count":50,"href":"https:\/\/oldpatriarcatovenezia.glauco.it\/ufficioliturgico\/wp-json\/wp\/v2\/pages\/605\/revisions"}],"predecessor-version":[{"id":1728,"href":"https:\/\/oldpatriarcatovenezia.glauco.it\/ufficioliturgico\/wp-json\/wp\/v2\/pages\/605\/revisions\/1728"}],"wp:featuredmedia":[{"embeddable":true,"href":"https:\/\/oldpatriarcatovenezia.glauco.it\/ufficioliturgico\/wp-json\/wp\/v2\/media\/920"}],"wp:attachment":[{"href":"https:\/\/oldpatriarcatovenezia.glauco.it\/ufficioliturgico\/wp-json\/wp\/v2\/media?parent=605"}],"curies":[{"name":"wp","href":"https:\/\/api.w.org\/{rel}","templated":true}]}}