{"id":2739,"date":"2024-02-09T16:16:25","date_gmt":"2024-02-09T15:16:25","guid":{"rendered":"https:\/\/www.patriarcatovenezia.it\/pastorale-sposi-famiglia\/?page_id=2739"},"modified":"2024-09-04T11:19:46","modified_gmt":"2024-09-04T09:19:46","slug":"corsi-e-formazione","status":"publish","type":"page","link":"https:\/\/oldpatriarcatovenezia.glauco.it\/pastorale-sposi-famiglia\/corsi-e-formazione\/","title":{"rendered":"Corsi e formazione"},"content":{"rendered":"<div id=\"pl-2739\"  class=\"panel-layout\" ><div id=\"pg-2739-0\"  class=\"panel-grid panel-no-style\" ><div id=\"pgc-2739-0-0\"  class=\"panel-grid-cell\" ><div id=\"panel-2739-0-0-0\" class=\"so-panel widget widget_text panel-first-child panel-last-child\" data-index=\"0\" >\t\t\t<div class=\"textwidget\"><h5><strong>Siete interessati a questi corsi o a qualcuno dei temi trattati? Vorreste costruire un percorso formativo personalizzato? Contattateci per organizzare gli incontri nella vostra zona!<\/strong><\/h5>\n<\/div>\n\t\t<\/div><\/div><\/div><div id=\"pg-2739-1\"  class=\"panel-grid panel-no-style\" ><div id=\"pgc-2739-1-0\"  class=\"panel-grid-cell\" ><div id=\"panel-2739-1-0-0\" class=\"so-panel widget widget_text panel-first-child panel-last-child\" data-index=\"1\" >\t\t\t<div class=\"textwidget\"><p><strong>Educare all&#8217;affettivit\u00e0, alla sessualit\u00e0 e all&#8217;amore<\/strong><\/p>\n<p class=\"cvGsUA direction-ltr align-start para-style-body\"><span class=\"OYPEnA text-decoration-none text-strikethrough-none\">Un percorso base\u00a0<\/span><span class=\"OYPEnA text-decoration-none text-strikethrough-none\">di educazione affettivo-sessuale\u00a0<\/span><span class=\"OYPEnA text-decoration-none text-strikethrough-none\">sugli aspetti medici, emotivi, intellettuali, sociali e spirituali per dialogare\u00a0<\/span><span class=\"OYPEnA text-decoration-none text-strikethrough-none\">con le nuove generazioni\u00a0<\/span><span class=\"OYPEnA text-decoration-none text-strikethrough-none\">e accompagnare i bambini e i ragazzi\u00a0<\/span><span class=\"OYPEnA text-decoration-none text-strikethrough-none\">a riconoscere la bellezza e l\u2019armonia\u00a0<\/span><span class=\"OYPEnA text-decoration-none text-strikethrough-none\">del proprio corpo, fatto per amare, comunicare e relazionarsi<\/span><\/p>\n<p>Temi edizione 2023-2024:<\/p>\n<ol>\n<li>Sessualit\u00e0 ieri e oggi: prospettive educative<\/li>\n<li>Bambini e sessualit\u00e0: come parlarne, i valori, le emozioni<\/li>\n<li>Sessualit\u00e0, responsabilit\u00e0, libert\u00e0, vita: come tenerli insieme?<\/li>\n<li>Maschio e femmina: l\u2019identit\u00e0 di genere<\/li>\n<li>Corpo, affetto, amore<\/li>\n<li>Adolescenti e sessualit\u00e0: scelte e relazioni<\/li>\n<\/ol>\n<\/div>\n\t\t<\/div><\/div><\/div><div id=\"pg-2739-2\"  class=\"panel-grid panel-no-style\" ><div id=\"pgc-2739-2-0\"  class=\"panel-grid-cell\" ><div id=\"panel-2739-2-0-0\" class=\"so-panel widget widget_text panel-first-child panel-last-child\" data-index=\"2\" >\t\t\t<div class=\"textwidget\"><p><strong>SOS adolescenti<\/strong><\/p>\n<p>Il percorso \u00e8 rivolto a giovani, educatori, genitori, catechisti e insegnanti assieme a degli esperti per conoscere e approfondire alcuni pericoli che possono minare la bellezza e l\u2019originalit\u00e0 degli adolescenti<\/p>\n<p>Temi edizione 2024:<\/p>\n<ol>\n<li>Adolescenti e gender<\/li>\n<li>Quale disagio vivono gli adolescenti?<\/li>\n<\/ol>\n<\/div>\n\t\t<\/div><\/div><\/div><div id=\"pg-2739-3\"  class=\"panel-grid panel-no-style\" ><div id=\"pgc-2739-3-0\"  class=\"panel-grid-cell\" ><div id=\"panel-2739-3-0-0\" class=\"so-panel widget widget_text panel-first-child panel-last-child\" data-index=\"3\" >\t\t\t<div class=\"textwidget\"><p><strong>Corso per formatori al matrimonio<\/strong><\/p>\n<p>La proposta \u00e8 frutto di un cammino di confronto con coloro che nelle diverse zone, parrocchie, collaborazioni, vicariati si occupano della formazione alla vita matrimoniale (laici, religiosi, diaconi, sacerdoti).<\/p>\n<p>Temi edizione 2023-2024:<\/p>\n<ol>\n<li>Benvenuti a casa: quando il matrimonio \u00e8 di tutti<\/li>\n<li>Vi prego, la verit\u00e0 sul matrimonio!<\/li>\n<li>I temi (oggi) scottanti del matrimonio<\/li>\n<li>Siamo arrivati&#8230; al punto di partenza!<\/li>\n<\/ol>\n<\/div>\n\t\t<\/div><\/div><\/div><\/div>","protected":false},"excerpt":{"rendered":"<p>Siete interessati a questi corsi o a qualcuno dei temi trattati? Vorreste costruire un percorso formativo personalizzato? Contattateci per organizzare gli incontri nella vostra zona! Educare all&#8217;affettivit\u00e0, alla sessualit\u00e0 e all&#8217;amore Un percorso base\u00a0di educazione affettivo-sessuale\u00a0sugli aspetti medici, emotivi, intellettuali, sociali e spirituali per dialogare\u00a0con le nuove generazioni\u00a0e accompagnare i bambini e i ragazzi\u00a0a riconoscere&#8230;  <a class=\"excerpt-read-more\" href=\"https:\/\/oldpatriarcatovenezia.glauco.it\/pastorale-sposi-famiglia\/corsi-e-formazione\/\" title=\"Leggi Corsi e formazione\">&raquo; continua<\/a><\/p>\n","protected":false},"author":10,"featured_media":0,"parent":0,"menu_order":0,"comment_status":"closed","ping_status":"closed","template":"","meta":{"ip_address":"","user_agent":"","level":"","revision":"","cookie_id":"","page_referer":"","html_form":""},"acf":[],"_links":{"self":[{"href":"https:\/\/oldpatriarcatovenezia.glauco.it\/pastorale-sposi-famiglia\/wp-json\/wp\/v2\/pages\/2739"}],"collection":[{"href":"https:\/\/oldpatriarcatovenezia.glauco.it\/pastorale-sposi-famiglia\/wp-json\/wp\/v2\/pages"}],"about":[{"href":"https:\/\/oldpatriarcatovenezia.glauco.it\/pastorale-sposi-famiglia\/wp-json\/wp\/v2\/types\/page"}],"author":[{"embeddable":true,"href":"https:\/\/oldpatriarcatovenezia.glauco.it\/pastorale-sposi-famiglia\/wp-json\/wp\/v2\/users\/10"}],"replies":[{"embeddable":true,"href":"https:\/\/oldpatriarcatovenezia.glauco.it\/pastorale-sposi-famiglia\/wp-json\/wp\/v2\/comments?post=2739"}],"version-history":[{"count":8,"href":"https:\/\/oldpatriarcatovenezia.glauco.it\/pastorale-sposi-famiglia\/wp-json\/wp\/v2\/pages\/2739\/revisions"}],"predecessor-version":[{"id":3317,"href":"https:\/\/oldpatriarcatovenezia.glauco.it\/pastorale-sposi-famiglia\/wp-json\/wp\/v2\/pages\/2739\/revisions\/3317"}],"wp:attachment":[{"href":"https:\/\/oldpatriarcatovenezia.glauco.it\/pastorale-sposi-famiglia\/wp-json\/wp\/v2\/media?parent=2739"}],"curies":[{"name":"wp","href":"https:\/\/api.w.org\/{rel}","templated":true}]}}